{"id":4882,"date":"2019-06-27T16:26:21","date_gmt":"2019-06-27T14:26:21","guid":{"rendered":"https:\/\/www.masblanchijove.com\/?post_type=product&#038;p=4882"},"modified":"2019-07-02T12:54:33","modified_gmt":"2019-07-02T10:54:33","slug":"entradavina09","status":"publish","type":"product","link":"https:\/\/www.masblanchijove.com\/es\/producte\/entradavina09\/","title":{"rendered":"S\u00e1bado d\u00eda 6 de julio a las 19h: Cena y Fiesta en La Vi\u00f1a de los Artistas"},"content":{"rendered":"<div class=\"fusion-text\">\n<p><span class=\"tlid-translation translation\" lang=\"es\">UNA EXPERIENCIA \u00daNICA EN LA BODEGA MAS BLANCH I JOV\u00c9<br \/>\nS\u00e1bado 6 de julio<\/span><\/p>\n<p>La Vi\u00f1a de los Artistas es un lugar \u00fanico, en la comarca de Les Garrigues, donde piezas escult\u00f3ricas de grandes dimensiones y diferentes instalaciones art\u00edsticas conviven entre vi\u00f1edos y olivos. Desde hace 9 a\u00f1os, cada verano se incorpora una nueva obra en este original museo al aire libre y se organiza un evento para celebrarlo. Esta nueva edici\u00f3n se celebrar\u00e1 el s\u00e1bado 6 de julio a las 19h y Eva Lootz inaugurar\u00e1 su obra La Huella en La Vi\u00f1a de los Artistas.<\/p>\n<p>La velada ser\u00e1 muy especial, con una agradable recepci\u00f3n en bodega y una cena en medio de los vi\u00f1edos maridada con los vinos Sa\u00f3 de la bodega Mas Blanch i Jov\u00e9. Tambi\u00e9n podr\u00e1 disfrutar de la percusi\u00f3n de Luis Tabuenca en directo.<\/p>\n<p>El precio de la entrada incluye el aperitivo, el concierto, la cena maridada con los vinos Sa\u00f3 y el fin de fiesta con barra libre y DJ.<\/p>\n<p>Recordemos que 1 entrada (80 \u20ac) permite el acceso a 2 personas, es decir, 2 personas pueden acceder por el precio de 80 \u20ac. SOLO CON RESERVA PREVIA. El d\u00eda del evento no se vender\u00e1n entradas.<\/p>\n<p>PROGRAMA<br \/>\n19: 00h Llegada a la bodega Mas Blanch i Jov\u00e9<br \/>\n20: 30h Inauguraci\u00f3n de La Huella de Eva Lootz<br \/>\n21: 00h Solo de percusi\u00f3n a cargo de Luis Tabuenca<br \/>\n21: 30h Cena al aire libre maridada con los vinos Sa\u00f3<\/p>\n<p>LA VI\u00d1A DE LOS ARTISTAS<br \/>\nLa Vi\u00f1a de los Artistas comenz\u00f3 como un pensamiento del amigo Guinovart, quien imagin\u00f3 un espacio abierto donde diferentes artistas pudieran marcar el paisaje con su propio lenguaje: una sala de exposiciones al aire libre que fusionara tierra, arte y vino. Dedicamos a Guinovart el A\u00f1o 0 y su escultura \u2018El \u00d3rgano de Campo\u2019 permanece en medio de la vi\u00f1a para que el viento tenga un instrumento para cantar a las cepas.<\/p>\n<\/div>\n","protected":false},"excerpt":{"rendered":"<p><strong>Ven a la fiesta m\u00e1s ruralglam del verano!<br \/>\n<\/strong><\/p>\n<p>&nbsp;<\/p>\n<p>&nbsp;<\/p>\n","protected":false},"featured_media":4321,"template":"","meta":[],"product_brand":[],"product_cat":[140],"product_tag":[],"class_list":{"0":"post-4882","1":"product","2":"type-product","3":"status-publish","4":"has-post-thumbnail","6":"product_cat-eventos-es","8":"first","9":"outofstock","10":"virtual","11":"purchasable","12":"product-type-simple"},"yoast_head":"<!-- This site is optimized with the Yoast SEO plugin v27.5 - https:\/\/yoast.com\/product\/yoast-seo-wordpress\/ -->\n<title>S\u00e1bado d\u00eda 6 de julio a las 19h: Cena y Fiesta en La Vi\u00f1a de los Artistas - Mas Blanch i Jov\u00e9<\/title>\n<meta name=\"robots\" content=\"index, follow, max-snippet:-1, max-image-preview:large, max-video-preview:-1\" \/>\n<link rel=\"canonical\" href=\"https:\/\/www.masblanchijove.com\/es\/producte\/entradavina09\/\" \/>\n<meta property=\"og:locale\" content=\"es_ES\" \/>\n<meta property=\"og:type\" content=\"article\" \/>\n<meta property=\"og:title\" content=\"S\u00e1bado d\u00eda 6 de julio a las 19h: Cena y Fiesta en La Vi\u00f1a de los Artistas - Mas Blanch i Jov\u00e9\" \/>\n<meta property=\"og:description\" content=\"Ven a la fiesta m\u00e1s ruralglam del verano!   &nbsp;  &nbsp;\" \/>\n<meta property=\"og:url\" content=\"https:\/\/www.masblanchijove.com\/es\/producte\/entradavina09\/\" \/>\n<meta property=\"og:site_name\" content=\"Mas Blanch i Jov\u00e9\" \/>\n<meta property=\"article:publisher\" content=\"https:\/\/www.facebook.com\/masblanchijove\" \/>\n<meta property=\"article:modified_time\" content=\"2019-07-02T10:54:33+00:00\" \/>\n<meta property=\"og:image\" content=\"https:\/\/www.masblanchijove.com\/wp-content\/uploads\/2018\/07\/carlos-pazos_0346-1.jpg\" \/>\n\t<meta property=\"og:image:width\" content=\"1200\" \/>\n\t<meta property=\"og:image:height\" content=\"795\" \/>\n\t<meta property=\"og:image:type\" content=\"image\/jpeg\" \/>\n<meta name=\"twitter:card\" content=\"summary_large_image\" \/>\n<meta name=\"twitter:site\" content=\"@masblanchijove\" \/>\n<meta name=\"twitter:label1\" content=\"Tiempo de lectura\" \/>\n\t<meta name=\"twitter:data1\" content=\"2 minutos\" \/>\n<script type=\"application\/ld+json\" class=\"yoast-schema-graph\">{\"@context\":\"https:\\\/\\\/schema.org\",\"@graph\":[{\"@type\":\"WebPage\",\"@id\":\"https:\\\/\\\/www.masblanchijove.com\\\/es\\\/producte\\\/entradavina09\\\/\",\"url\":\"https:\\\/\\\/www.masblanchijove.com\\\/es\\\/producte\\\/entradavina09\\\/\",\"name\":\"S\u00e1bado d\u00eda 6 de julio a las 19h: Cena y Fiesta en La Vi\u00f1a de los Artistas - Mas Blanch i Jov\u00e9\",\"isPartOf\":{\"@id\":\"https:\\\/\\\/www.masblanchijove.com\\\/es\\\/#website\"},\"primaryImageOfPage\":{\"@id\":\"https:\\\/\\\/www.masblanchijove.com\\\/es\\\/producte\\\/entradavina09\\\/#primaryimage\"},\"image\":{\"@id\":\"https:\\\/\\\/www.masblanchijove.com\\\/es\\\/producte\\\/entradavina09\\\/#primaryimage\"},\"thumbnailUrl\":\"https:\\\/\\\/www.masblanchijove.com\\\/wp-content\\\/uploads\\\/2018\\\/07\\\/carlos-pazos_0346-1.jpg\",\"datePublished\":\"2019-06-27T14:26:21+00:00\",\"dateModified\":\"2019-07-02T10:54:33+00:00\",\"breadcrumb\":{\"@id\":\"https:\\\/\\\/www.masblanchijove.com\\\/es\\\/producte\\\/entradavina09\\\/#breadcrumb\"},\"inLanguage\":\"es\",\"potentialAction\":[{\"@type\":\"ReadAction\",\"target\":[\"https:\\\/\\\/www.masblanchijove.com\\\/es\\\/producte\\\/entradavina09\\\/\"]}]},{\"@type\":\"ImageObject\",\"inLanguage\":\"es\",\"@id\":\"https:\\\/\\\/www.masblanchijove.com\\\/es\\\/producte\\\/entradavina09\\\/#primaryimage\",\"url\":\"https:\\\/\\\/www.masblanchijove.com\\\/wp-content\\\/uploads\\\/2018\\\/07\\\/carlos-pazos_0346-1.jpg\",\"contentUrl\":\"https:\\\/\\\/www.masblanchijove.com\\\/wp-content\\\/uploads\\\/2018\\\/07\\\/carlos-pazos_0346-1.jpg\",\"width\":1200,\"height\":795},{\"@type\":\"BreadcrumbList\",\"@id\":\"https:\\\/\\\/www.masblanchijove.com\\\/es\\\/producte\\\/entradavina09\\\/#breadcrumb\",\"itemListElement\":[{\"@type\":\"ListItem\",\"position\":1,\"name\":\"Inici\",\"item\":\"https:\\\/\\\/www.masblanchijove.com\\\/es\\\/\"},{\"@type\":\"ListItem\",\"position\":2,\"name\":\"Productos\",\"item\":\"https:\\\/\\\/www.masblanchijove.com\\\/es\\\/shop\\\/\"},{\"@type\":\"ListItem\",\"position\":3,\"name\":\"S\u00e1bado d\u00eda 6 de julio a las 19h: Cena y Fiesta en La Vi\u00f1a de los Artistas\"}]},{\"@type\":\"WebSite\",\"@id\":\"https:\\\/\\\/www.masblanchijove.com\\\/es\\\/#website\",\"url\":\"https:\\\/\\\/www.masblanchijove.com\\\/es\\\/\",\"name\":\"Mas Blanch i Jov\u00e9\",\"description\":\"Mas Blanch i Jov\u00e9\",\"publisher\":{\"@id\":\"https:\\\/\\\/www.masblanchijove.com\\\/es\\\/#organization\"},\"potentialAction\":[{\"@type\":\"SearchAction\",\"target\":{\"@type\":\"EntryPoint\",\"urlTemplate\":\"https:\\\/\\\/www.masblanchijove.com\\\/es\\\/?s={search_term_string}\"},\"query-input\":{\"@type\":\"PropertyValueSpecification\",\"valueRequired\":true,\"valueName\":\"search_term_string\"}}],\"inLanguage\":\"es\"},{\"@type\":\"Organization\",\"@id\":\"https:\\\/\\\/www.masblanchijove.com\\\/es\\\/#organization\",\"name\":\"Mas Blanch i Jov\u00e9\",\"url\":\"https:\\\/\\\/www.masblanchijove.com\\\/es\\\/\",\"logo\":{\"@type\":\"ImageObject\",\"inLanguage\":\"es\",\"@id\":\"https:\\\/\\\/www.masblanchijove.com\\\/es\\\/#\\\/schema\\\/logo\\\/image\\\/\",\"url\":\"https:\\\/\\\/www.masblanchijove.com\\\/wp-content\\\/uploads\\\/2018\\\/03\\\/LogoMasBlanchiJove_gris_gran.png\",\"contentUrl\":\"https:\\\/\\\/www.masblanchijove.com\\\/wp-content\\\/uploads\\\/2018\\\/03\\\/LogoMasBlanchiJove_gris_gran.png\",\"width\":508,\"height\":173,\"caption\":\"Mas Blanch i Jov\u00e9\"},\"image\":{\"@id\":\"https:\\\/\\\/www.masblanchijove.com\\\/es\\\/#\\\/schema\\\/logo\\\/image\\\/\"},\"sameAs\":[\"https:\\\/\\\/www.facebook.com\\\/masblanchijove\",\"https:\\\/\\\/x.com\\\/masblanchijove\",\"https:\\\/\\\/www.instagram.com\\\/masblanchijove\\\/\"]}]}<\/script>\n<!-- \/ Yoast SEO plugin. -->","yoast_head_json":{"title":"S\u00e1bado d\u00eda 6 de julio a las 19h: Cena y Fiesta en La Vi\u00f1a de los Artistas - Mas Blanch i Jov\u00e9","robots":{"index":"index","follow":"follow","max-snippet":"max-snippet:-1","max-image-preview":"max-image-preview:large","max-video-preview":"max-video-preview:-1"},"canonical":"https:\/\/www.masblanchijove.com\/es\/producte\/entradavina09\/","og_locale":"es_ES","og_type":"article","og_title":"S\u00e1bado d\u00eda 6 de julio a las 19h: Cena y Fiesta en La Vi\u00f1a de los Artistas - Mas Blanch i Jov\u00e9","og_description":"Ven a la fiesta m\u00e1s ruralglam del verano!   &nbsp;  &nbsp;","og_url":"https:\/\/www.masblanchijove.com\/es\/producte\/entradavina09\/","og_site_name":"Mas Blanch i Jov\u00e9","article_publisher":"https:\/\/www.facebook.com\/masblanchijove","article_modified_time":"2019-07-02T10:54:33+00:00","og_image":[{"width":1200,"height":795,"url":"https:\/\/www.masblanchijove.com\/wp-content\/uploads\/2018\/07\/carlos-pazos_0346-1.jpg","type":"image\/jpeg"}],"twitter_card":"summary_large_image","twitter_site":"@masblanchijove","twitter_misc":{"Tiempo de lectura":"2 minutos"},"schema":{"@context":"https:\/\/schema.org","@graph":[{"@type":"WebPage","@id":"https:\/\/www.masblanchijove.com\/es\/producte\/entradavina09\/","url":"https:\/\/www.masblanchijove.com\/es\/producte\/entradavina09\/","name":"S\u00e1bado d\u00eda 6 de julio a las 19h: Cena y Fiesta en La Vi\u00f1a de los Artistas - Mas Blanch i Jov\u00e9","isPartOf":{"@id":"https:\/\/www.masblanchijove.com\/es\/#website"},"primaryImageOfPage":{"@id":"https:\/\/www.masblanchijove.com\/es\/producte\/entradavina09\/#primaryimage"},"image":{"@id":"https:\/\/www.masblanchijove.com\/es\/producte\/entradavina09\/#primaryimage"},"thumbnailUrl":"https:\/\/www.masblanchijove.com\/wp-content\/uploads\/2018\/07\/carlos-pazos_0346-1.jpg","datePublished":"2019-06-27T14:26:21+00:00","dateModified":"2019-07-02T10:54:33+00:00","breadcrumb":{"@id":"https:\/\/www.masblanchijove.com\/es\/producte\/entradavina09\/#breadcrumb"},"inLanguage":"es","potentialAction":[{"@type":"ReadAction","target":["https:\/\/www.masblanchijove.com\/es\/producte\/entradavina09\/"]}]},{"@type":"ImageObject","inLanguage":"es","@id":"https:\/\/www.masblanchijove.com\/es\/producte\/entradavina09\/#primaryimage","url":"https:\/\/www.masblanchijove.com\/wp-content\/uploads\/2018\/07\/carlos-pazos_0346-1.jpg","contentUrl":"https:\/\/www.masblanchijove.com\/wp-content\/uploads\/2018\/07\/carlos-pazos_0346-1.jpg","width":1200,"height":795},{"@type":"BreadcrumbList","@id":"https:\/\/www.masblanchijove.com\/es\/producte\/entradavina09\/#breadcrumb","itemListElement":[{"@type":"ListItem","position":1,"name":"Inici","item":"https:\/\/www.masblanchijove.com\/es\/"},{"@type":"ListItem","position":2,"name":"Productos","item":"https:\/\/www.masblanchijove.com\/es\/shop\/"},{"@type":"ListItem","position":3,"name":"S\u00e1bado d\u00eda 6 de julio a las 19h: Cena y Fiesta en La Vi\u00f1a de los Artistas"}]},{"@type":"WebSite","@id":"https:\/\/www.masblanchijove.com\/es\/#website","url":"https:\/\/www.masblanchijove.com\/es\/","name":"Mas Blanch i Jov\u00e9","description":"Mas Blanch i Jov\u00e9","publisher":{"@id":"https:\/\/www.masblanchijove.com\/es\/#organization"},"potentialAction":[{"@type":"SearchAction","target":{"@type":"EntryPoint","urlTemplate":"https:\/\/www.masblanchijove.com\/es\/?s={search_term_string}"},"query-input":{"@type":"PropertyValueSpecification","valueRequired":true,"valueName":"search_term_string"}}],"inLanguage":"es"},{"@type":"Organization","@id":"https:\/\/www.masblanchijove.com\/es\/#organization","name":"Mas Blanch i Jov\u00e9","url":"https:\/\/www.masblanchijove.com\/es\/","logo":{"@type":"ImageObject","inLanguage":"es","@id":"https:\/\/www.masblanchijove.com\/es\/#\/schema\/logo\/image\/","url":"https:\/\/www.masblanchijove.com\/wp-content\/uploads\/2018\/03\/LogoMasBlanchiJove_gris_gran.png","contentUrl":"https:\/\/www.masblanchijove.com\/wp-content\/uploads\/2018\/03\/LogoMasBlanchiJove_gris_gran.png","width":508,"height":173,"caption":"Mas Blanch i Jov\u00e9"},"image":{"@id":"https:\/\/www.masblanchijove.com\/es\/#\/schema\/logo\/image\/"},"sameAs":["https:\/\/www.facebook.com\/masblanchijove","https:\/\/x.com\/masblanchijove","https:\/\/www.instagram.com\/masblanchijove\/"]}]}},"_links":{"self":[{"href":"https:\/\/www.masblanchijove.com\/es\/wp-json\/wp\/v2\/product\/4882","targetHints":{"allow":["GET"]}}],"collection":[{"href":"https:\/\/www.masblanchijove.com\/es\/wp-json\/wp\/v2\/product"}],"about":[{"href":"https:\/\/www.masblanchijove.com\/es\/wp-json\/wp\/v2\/types\/product"}],"wp:featuredmedia":[{"embeddable":true,"href":"https:\/\/www.masblanchijove.com\/es\/wp-json\/wp\/v2\/media\/4321"}],"wp:attachment":[{"href":"https:\/\/www.masblanchijove.com\/es\/wp-json\/wp\/v2\/media?parent=4882"}],"wp:term":[{"taxonomy":"product_brand","embeddable":true,"href":"https:\/\/www.masblanchijove.com\/es\/wp-json\/wp\/v2\/product_brand?post=4882"},{"taxonomy":"product_cat","embeddable":true,"href":"https:\/\/www.masblanchijove.com\/es\/wp-json\/wp\/v2\/product_cat?post=4882"},{"taxonomy":"product_tag","embeddable":true,"href":"https:\/\/www.masblanchijove.com\/es\/wp-json\/wp\/v2\/product_tag?post=4882"}],"curies":[{"name":"wp","href":"https:\/\/api.w.org\/{rel}","templated":true}]}}