{"id":6573,"date":"2022-05-23T00:00:35","date_gmt":"2022-05-22T22:00:35","guid":{"rendered":"https:\/\/www.masblanchijove.com\/?post_type=product&#038;p=6573"},"modified":"2022-07-15T11:41:46","modified_gmt":"2022-07-15T09:41:46","slug":"festaviladot","status":"publish","type":"product","link":"https:\/\/www.masblanchijove.com\/es\/producte\/festaviladot\/","title":{"rendered":"S\u00e1bado d\u00eda 16 de julio a las 18h: Cena y Fiesta en La Vi\u00f1a de los Artistas"},"content":{"rendered":"<div class=\"fusion-fullwidth fullwidth-box fusion-builder-row-1 nonhundred-percent-fullwidth non-hundred-percent-height-scrolling\" style=\"--awb-border-radius-top-left:0px;--awb-border-radius-top-right:0px;--awb-border-radius-bottom-right:0px;--awb-border-radius-bottom-left:0px;--awb-flex-wrap:wrap;\" ><div class=\"fusion-builder-row fusion-row\"><div class=\"fusion-layout-column fusion_builder_column fusion-builder-column-0 fusion_builder_column_1_1 1_1 fusion-one-full fusion-column-first fusion-column-last\" style=\"--awb-bg-size:cover;--awb-margin-bottom:0px;\"><div class=\"fusion-column-wrapper fusion-flex-column-wrapper-legacy\"><div class=\"fusion-text fusion-text-1\"><div class=\"fusion-text\">\n<p>UNA EXPERIENCIA \u00daNICA EN LA BODEGA MAS BLANCH I JOV\u00c9<br \/>\nS\u00e1bado 16 de julio<\/p>\n<p>La Vinya dels Artistes es un lugar \u00fanico, en la comarca de Les Garrigues, donde piezas escult\u00f3ricas de grandes dimensiones y diferentes instalaciones art\u00edsticas conviven entre vi\u00f1edos y olivos. Desde hace 11 a\u00f1os, cada verano se incorpora una nueva obra en este original museo al aire libre y se organiza un evento para celebrarlo. Este a\u00f1o se celebrar\u00e1 el s\u00e1bado 16 de julio a las 18h y se inaugurar\u00e1 la obra de Guillem Viladot, el \u201cPoema de l\u2019Home\u201d en La Vinya de los Artistas de Mas Blanch i Jov\u00e9.<\/p>\n<p>La velada ser\u00e1 muy especial, con una agradable recepci\u00f3n en bodega y una cena en medio de los vi\u00f1edos maridada con los vinos Sa\u00f3 del Celler Mas Blanch i Jov\u00e9. Tambi\u00e9n podr\u00e1 disfrutar del espect\u00e1culo teatral de Teatredetics y un concierto de Lo Pardal Roquer.<\/p>\n<p>El precio de la entrada incluye la recepci\u00f3n con peque\u00f1o aperitivo y vinos, el espect\u00e1culo teatral, la cena maridada con los vinos Sa\u00f3 y el concierto con barra libre.<\/p>\n<p>Recordamos que 1 entrada (35\u20ac) permite el acceso a 1 persona. CON RESERVA PREVIA. No se podr\u00e1 adquirir entradas el d\u00eda de la fiesta.<\/p>\n<p>PROGRAMA<br \/>\n18:00h Llegada a la Bodega Mas Blanch i Jov\u00e9<br \/>\n19:00h Espect\u00e1culo de la compa\u00f1\u00eda Teatredetics<br \/>\n20:30h Inauguraci\u00f3n del \u201cPoema de l\u2019Home\u201d de Guillem Viladot<br \/>\n21:00h Cena al aire libre, en el anfiteatro No Res del Tot, maridado con los vinos de Mas Blanch i Jov\u00e9<br \/>\n22:30h Concierto del Pardal Roquer<br \/>\n24:00h Fin de Fiesta<\/p>\n<p>LA VI\u00d1A DE LOS ARTISTAS<br \/>\nLa Vinya dels Artistes empez\u00f3 como un pensamiento del amigo Guinovart, quien imagin\u00f3 un espacio abierto donde diferentes artistas pudieran marcar el paisaje con su propio lenguaje: una sala de exposiciones al aire libre que fusionara tierra, arte y vino. Dedicamos a Guinovart en el a\u00f1o 0. Su escultura \u00abEl \u00d3rgano del Campo\u00bb permanece en medio de la vi\u00f1a para que el viento tenga un instrumento para cantar en las cepas.<\/p>\n<\/div>\n<\/div><div class=\"fusion-clearfix\"><\/div><\/div><\/div><\/div><\/div>\n","protected":false},"excerpt":{"rendered":"<p><strong>Ven a la fiesta m\u00e1s ruralglam del verano!<br \/>\n<\/strong><\/p>\n<p>&nbsp;<\/p>\n<p>&nbsp;<\/p>\n","protected":false},"featured_media":4321,"template":"","meta":[],"product_brand":[],"product_cat":[140],"product_tag":[],"class_list":{"0":"post-6573","1":"product","2":"type-product","3":"status-publish","4":"has-post-thumbnail","6":"product_cat-eventos-es","8":"first","9":"outofstock","10":"virtual","11":"purchasable","12":"product-type-simple"},"yoast_head":"<!-- This site is optimized with the Yoast SEO plugin v27.4 - https:\/\/yoast.com\/product\/yoast-seo-wordpress\/ -->\n<title>S\u00e1bado d\u00eda 16 de julio a las 18h: Cena y Fiesta en La Vi\u00f1a de los Artistas - Mas Blanch i Jov\u00e9<\/title>\n<meta name=\"robots\" content=\"index, follow, max-snippet:-1, max-image-preview:large, max-video-preview:-1\" \/>\n<link rel=\"canonical\" href=\"https:\/\/www.masblanchijove.com\/es\/producte\/festaviladot\/\" \/>\n<meta property=\"og:locale\" content=\"es_ES\" \/>\n<meta property=\"og:type\" content=\"article\" \/>\n<meta property=\"og:title\" content=\"S\u00e1bado d\u00eda 16 de julio a las 18h: Cena y Fiesta en La Vi\u00f1a de los Artistas - Mas Blanch i Jov\u00e9\" \/>\n<meta property=\"og:description\" content=\"Ven a la fiesta m\u00e1s ruralglam del verano!   &nbsp;  &nbsp;\" \/>\n<meta property=\"og:url\" content=\"https:\/\/www.masblanchijove.com\/es\/producte\/festaviladot\/\" \/>\n<meta property=\"og:site_name\" content=\"Mas Blanch i Jov\u00e9\" \/>\n<meta property=\"article:publisher\" content=\"https:\/\/www.facebook.com\/masblanchijove\" \/>\n<meta property=\"article:modified_time\" content=\"2022-07-15T09:41:46+00:00\" \/>\n<meta property=\"og:image\" content=\"https:\/\/www.masblanchijove.com\/wp-content\/uploads\/2018\/07\/carlos-pazos_0346-1.jpg\" \/>\n\t<meta property=\"og:image:width\" content=\"1200\" \/>\n\t<meta property=\"og:image:height\" content=\"795\" \/>\n\t<meta property=\"og:image:type\" content=\"image\/jpeg\" \/>\n<meta name=\"twitter:card\" content=\"summary_large_image\" \/>\n<meta name=\"twitter:site\" content=\"@masblanchijove\" \/>\n<meta name=\"twitter:label1\" content=\"Tiempo de lectura\" \/>\n\t<meta name=\"twitter:data1\" content=\"3 minutos\" \/>\n<script type=\"application\/ld+json\" class=\"yoast-schema-graph\">{\"@context\":\"https:\\\/\\\/schema.org\",\"@graph\":[{\"@type\":\"WebPage\",\"@id\":\"https:\\\/\\\/www.masblanchijove.com\\\/es\\\/producte\\\/festaviladot\\\/\",\"url\":\"https:\\\/\\\/www.masblanchijove.com\\\/es\\\/producte\\\/festaviladot\\\/\",\"name\":\"S\u00e1bado d\u00eda 16 de julio a las 18h: Cena y Fiesta en La Vi\u00f1a de los Artistas - Mas Blanch i Jov\u00e9\",\"isPartOf\":{\"@id\":\"https:\\\/\\\/www.masblanchijove.com\\\/es\\\/#website\"},\"primaryImageOfPage\":{\"@id\":\"https:\\\/\\\/www.masblanchijove.com\\\/es\\\/producte\\\/festaviladot\\\/#primaryimage\"},\"image\":{\"@id\":\"https:\\\/\\\/www.masblanchijove.com\\\/es\\\/producte\\\/festaviladot\\\/#primaryimage\"},\"thumbnailUrl\":\"https:\\\/\\\/www.masblanchijove.com\\\/wp-content\\\/uploads\\\/2018\\\/07\\\/carlos-pazos_0346-1.jpg\",\"datePublished\":\"2022-05-22T22:00:35+00:00\",\"dateModified\":\"2022-07-15T09:41:46+00:00\",\"breadcrumb\":{\"@id\":\"https:\\\/\\\/www.masblanchijove.com\\\/es\\\/producte\\\/festaviladot\\\/#breadcrumb\"},\"inLanguage\":\"es\",\"potentialAction\":[{\"@type\":\"ReadAction\",\"target\":[\"https:\\\/\\\/www.masblanchijove.com\\\/es\\\/producte\\\/festaviladot\\\/\"]}]},{\"@type\":\"ImageObject\",\"inLanguage\":\"es\",\"@id\":\"https:\\\/\\\/www.masblanchijove.com\\\/es\\\/producte\\\/festaviladot\\\/#primaryimage\",\"url\":\"https:\\\/\\\/www.masblanchijove.com\\\/wp-content\\\/uploads\\\/2018\\\/07\\\/carlos-pazos_0346-1.jpg\",\"contentUrl\":\"https:\\\/\\\/www.masblanchijove.com\\\/wp-content\\\/uploads\\\/2018\\\/07\\\/carlos-pazos_0346-1.jpg\",\"width\":1200,\"height\":795},{\"@type\":\"BreadcrumbList\",\"@id\":\"https:\\\/\\\/www.masblanchijove.com\\\/es\\\/producte\\\/festaviladot\\\/#breadcrumb\",\"itemListElement\":[{\"@type\":\"ListItem\",\"position\":1,\"name\":\"Inici\",\"item\":\"https:\\\/\\\/www.masblanchijove.com\\\/es\\\/\"},{\"@type\":\"ListItem\",\"position\":2,\"name\":\"Productos\",\"item\":\"https:\\\/\\\/www.masblanchijove.com\\\/es\\\/shop\\\/\"},{\"@type\":\"ListItem\",\"position\":3,\"name\":\"S\u00e1bado d\u00eda 16 de julio a las 18h: Cena y Fiesta en La Vi\u00f1a de los Artistas\"}]},{\"@type\":\"WebSite\",\"@id\":\"https:\\\/\\\/www.masblanchijove.com\\\/es\\\/#website\",\"url\":\"https:\\\/\\\/www.masblanchijove.com\\\/es\\\/\",\"name\":\"Mas Blanch i Jov\u00e9\",\"description\":\"Mas Blanch i Jov\u00e9\",\"publisher\":{\"@id\":\"https:\\\/\\\/www.masblanchijove.com\\\/es\\\/#organization\"},\"potentialAction\":[{\"@type\":\"SearchAction\",\"target\":{\"@type\":\"EntryPoint\",\"urlTemplate\":\"https:\\\/\\\/www.masblanchijove.com\\\/es\\\/?s={search_term_string}\"},\"query-input\":{\"@type\":\"PropertyValueSpecification\",\"valueRequired\":true,\"valueName\":\"search_term_string\"}}],\"inLanguage\":\"es\"},{\"@type\":\"Organization\",\"@id\":\"https:\\\/\\\/www.masblanchijove.com\\\/es\\\/#organization\",\"name\":\"Mas Blanch i Jov\u00e9\",\"url\":\"https:\\\/\\\/www.masblanchijove.com\\\/es\\\/\",\"logo\":{\"@type\":\"ImageObject\",\"inLanguage\":\"es\",\"@id\":\"https:\\\/\\\/www.masblanchijove.com\\\/es\\\/#\\\/schema\\\/logo\\\/image\\\/\",\"url\":\"https:\\\/\\\/www.masblanchijove.com\\\/wp-content\\\/uploads\\\/2018\\\/03\\\/LogoMasBlanchiJove_gris_gran.png\",\"contentUrl\":\"https:\\\/\\\/www.masblanchijove.com\\\/wp-content\\\/uploads\\\/2018\\\/03\\\/LogoMasBlanchiJove_gris_gran.png\",\"width\":508,\"height\":173,\"caption\":\"Mas Blanch i Jov\u00e9\"},\"image\":{\"@id\":\"https:\\\/\\\/www.masblanchijove.com\\\/es\\\/#\\\/schema\\\/logo\\\/image\\\/\"},\"sameAs\":[\"https:\\\/\\\/www.facebook.com\\\/masblanchijove\",\"https:\\\/\\\/x.com\\\/masblanchijove\",\"https:\\\/\\\/www.instagram.com\\\/masblanchijove\\\/\"]}]}<\/script>\n<!-- \/ Yoast SEO plugin. -->","yoast_head_json":{"title":"S\u00e1bado d\u00eda 16 de julio a las 18h: Cena y Fiesta en La Vi\u00f1a de los Artistas - Mas Blanch i Jov\u00e9","robots":{"index":"index","follow":"follow","max-snippet":"max-snippet:-1","max-image-preview":"max-image-preview:large","max-video-preview":"max-video-preview:-1"},"canonical":"https:\/\/www.masblanchijove.com\/es\/producte\/festaviladot\/","og_locale":"es_ES","og_type":"article","og_title":"S\u00e1bado d\u00eda 16 de julio a las 18h: Cena y Fiesta en La Vi\u00f1a de los Artistas - Mas Blanch i Jov\u00e9","og_description":"Ven a la fiesta m\u00e1s ruralglam del verano!   &nbsp;  &nbsp;","og_url":"https:\/\/www.masblanchijove.com\/es\/producte\/festaviladot\/","og_site_name":"Mas Blanch i Jov\u00e9","article_publisher":"https:\/\/www.facebook.com\/masblanchijove","article_modified_time":"2022-07-15T09:41:46+00:00","og_image":[{"width":1200,"height":795,"url":"https:\/\/www.masblanchijove.com\/wp-content\/uploads\/2018\/07\/carlos-pazos_0346-1.jpg","type":"image\/jpeg"}],"twitter_card":"summary_large_image","twitter_site":"@masblanchijove","twitter_misc":{"Tiempo de lectura":"3 minutos"},"schema":{"@context":"https:\/\/schema.org","@graph":[{"@type":"WebPage","@id":"https:\/\/www.masblanchijove.com\/es\/producte\/festaviladot\/","url":"https:\/\/www.masblanchijove.com\/es\/producte\/festaviladot\/","name":"S\u00e1bado d\u00eda 16 de julio a las 18h: Cena y Fiesta en La Vi\u00f1a de los Artistas - Mas Blanch i Jov\u00e9","isPartOf":{"@id":"https:\/\/www.masblanchijove.com\/es\/#website"},"primaryImageOfPage":{"@id":"https:\/\/www.masblanchijove.com\/es\/producte\/festaviladot\/#primaryimage"},"image":{"@id":"https:\/\/www.masblanchijove.com\/es\/producte\/festaviladot\/#primaryimage"},"thumbnailUrl":"https:\/\/www.masblanchijove.com\/wp-content\/uploads\/2018\/07\/carlos-pazos_0346-1.jpg","datePublished":"2022-05-22T22:00:35+00:00","dateModified":"2022-07-15T09:41:46+00:00","breadcrumb":{"@id":"https:\/\/www.masblanchijove.com\/es\/producte\/festaviladot\/#breadcrumb"},"inLanguage":"es","potentialAction":[{"@type":"ReadAction","target":["https:\/\/www.masblanchijove.com\/es\/producte\/festaviladot\/"]}]},{"@type":"ImageObject","inLanguage":"es","@id":"https:\/\/www.masblanchijove.com\/es\/producte\/festaviladot\/#primaryimage","url":"https:\/\/www.masblanchijove.com\/wp-content\/uploads\/2018\/07\/carlos-pazos_0346-1.jpg","contentUrl":"https:\/\/www.masblanchijove.com\/wp-content\/uploads\/2018\/07\/carlos-pazos_0346-1.jpg","width":1200,"height":795},{"@type":"BreadcrumbList","@id":"https:\/\/www.masblanchijove.com\/es\/producte\/festaviladot\/#breadcrumb","itemListElement":[{"@type":"ListItem","position":1,"name":"Inici","item":"https:\/\/www.masblanchijove.com\/es\/"},{"@type":"ListItem","position":2,"name":"Productos","item":"https:\/\/www.masblanchijove.com\/es\/shop\/"},{"@type":"ListItem","position":3,"name":"S\u00e1bado d\u00eda 16 de julio a las 18h: Cena y Fiesta en La Vi\u00f1a de los Artistas"}]},{"@type":"WebSite","@id":"https:\/\/www.masblanchijove.com\/es\/#website","url":"https:\/\/www.masblanchijove.com\/es\/","name":"Mas Blanch i Jov\u00e9","description":"Mas Blanch i Jov\u00e9","publisher":{"@id":"https:\/\/www.masblanchijove.com\/es\/#organization"},"potentialAction":[{"@type":"SearchAction","target":{"@type":"EntryPoint","urlTemplate":"https:\/\/www.masblanchijove.com\/es\/?s={search_term_string}"},"query-input":{"@type":"PropertyValueSpecification","valueRequired":true,"valueName":"search_term_string"}}],"inLanguage":"es"},{"@type":"Organization","@id":"https:\/\/www.masblanchijove.com\/es\/#organization","name":"Mas Blanch i Jov\u00e9","url":"https:\/\/www.masblanchijove.com\/es\/","logo":{"@type":"ImageObject","inLanguage":"es","@id":"https:\/\/www.masblanchijove.com\/es\/#\/schema\/logo\/image\/","url":"https:\/\/www.masblanchijove.com\/wp-content\/uploads\/2018\/03\/LogoMasBlanchiJove_gris_gran.png","contentUrl":"https:\/\/www.masblanchijove.com\/wp-content\/uploads\/2018\/03\/LogoMasBlanchiJove_gris_gran.png","width":508,"height":173,"caption":"Mas Blanch i Jov\u00e9"},"image":{"@id":"https:\/\/www.masblanchijove.com\/es\/#\/schema\/logo\/image\/"},"sameAs":["https:\/\/www.facebook.com\/masblanchijove","https:\/\/x.com\/masblanchijove","https:\/\/www.instagram.com\/masblanchijove\/"]}]}},"_links":{"self":[{"href":"https:\/\/www.masblanchijove.com\/es\/wp-json\/wp\/v2\/product\/6573","targetHints":{"allow":["GET"]}}],"collection":[{"href":"https:\/\/www.masblanchijove.com\/es\/wp-json\/wp\/v2\/product"}],"about":[{"href":"https:\/\/www.masblanchijove.com\/es\/wp-json\/wp\/v2\/types\/product"}],"wp:featuredmedia":[{"embeddable":true,"href":"https:\/\/www.masblanchijove.com\/es\/wp-json\/wp\/v2\/media\/4321"}],"wp:attachment":[{"href":"https:\/\/www.masblanchijove.com\/es\/wp-json\/wp\/v2\/media?parent=6573"}],"wp:term":[{"taxonomy":"product_brand","embeddable":true,"href":"https:\/\/www.masblanchijove.com\/es\/wp-json\/wp\/v2\/product_brand?post=6573"},{"taxonomy":"product_cat","embeddable":true,"href":"https:\/\/www.masblanchijove.com\/es\/wp-json\/wp\/v2\/product_cat?post=6573"},{"taxonomy":"product_tag","embeddable":true,"href":"https:\/\/www.masblanchijove.com\/es\/wp-json\/wp\/v2\/product_tag?post=6573"}],"curies":[{"name":"wp","href":"https:\/\/api.w.org\/{rel}","templated":true}]}}